{"id":108,"date":"2022-05-04T01:26:17","date_gmt":"2022-05-03T23:26:17","guid":{"rendered":"https:\/\/www.reflexhaut.fr\/photographe-entreprise\/?page_id=108"},"modified":"2024-02-12T12:03:57","modified_gmt":"2024-02-12T11:03:57","slug":"photographe-reportage-niort","status":"publish","type":"page","link":"https:\/\/www.reflexhaut.fr\/photographe-entreprise\/photographe-reportage-niort\/","title":{"rendered":"Photographe de Reportage &#8211; Niort"},"content":{"rendered":"\n<h2 class=\"wp-block-heading\">Photographe Entreprise &#8211; Photographe de Reportage<\/h2>\n\n\n\n<p><em><strong>Artisan photographe, REFLEXHAUT, au service de vos images depuis 2007 !<\/strong><\/em><\/p>\n\n\n\n<p>La photographie dite de reportage englobe de tr\u00e8s nombreuses prestations. De la journ\u00e9e \u00e9v\u00e9nementielle aux journ\u00e9es d&rsquo;int\u00e9grations, de l&rsquo;illustration \u00e0 la photographie souvenir en passant par la r\u00e9alisation de phototh\u00e8que d&rsquo;entreprise ou l&rsquo;illustration pour catalogues, rapports ou simplement pour alimenter vos r\u00e9seaux sociaux&#8230;<\/p>\n\n\n\n<p>Mes prestations en tant que photographe de reportage sont essentiellement bas\u00e9 sur la dur\u00e9e de prestation (dur\u00e9e de prise de vue, frais de post-traitement au besoin et frais annexes). Le type d&rsquo;\u00e9v\u00e9nement peut \u00e9galement avoir une incidence sur la prestation par rapport au mat\u00e9riel n\u00e9cessaire pour la r\u00e9alisation. Les \u00e9v\u00e9nements professionnels mis en image sont vari\u00e9s et divers, de la journ\u00e9e d&rsquo;int\u00e9gration ou journ\u00e9e corporate, \u00e0 la soir\u00e9e de remise de prix, d&rsquo;accueil client ou soir\u00e9e anniversaire, les demandes sont vari\u00e9es, les moments \u00e0 immortaliser et valoriser sont innombrables &#8230;<br><strong>Je vous propose ainsi des forfaits tarifaires \u00e0 la journ\u00e9e, \u00e0 la demi-journ\u00e9e, ou \u00e0 l&rsquo;heure suivant vos projets, vos besoins.<\/strong><\/p>\n\n\n\n<figure class=\"wp-block-image aligncenter size-full\"><img loading=\"lazy\" decoding=\"async\" width=\"960\" height=\"960\" src=\"https:\/\/www.reflexhaut.fr\/photographe-entreprise\/wp-content\/uploads\/2023\/11\/Reportage-Photo-Pro-Soudeur-Maxime-Bernard-REFLEXHAUT-2021.jpg\" alt=\"Photo Reportage Pro - Soudeur pro\" class=\"wp-image-382\" title=\"Reportage Photo - Portrait Pro Soudeur - Commande pro - CRMA NA\" srcset=\"https:\/\/www.reflexhaut.fr\/photographe-entreprise\/wp-content\/uploads\/2023\/11\/Reportage-Photo-Pro-Soudeur-Maxime-Bernard-REFLEXHAUT-2021.jpg 960w, https:\/\/www.reflexhaut.fr\/photographe-entreprise\/wp-content\/uploads\/2023\/11\/Reportage-Photo-Pro-Soudeur-Maxime-Bernard-REFLEXHAUT-2021-300x300.jpg 300w, https:\/\/www.reflexhaut.fr\/photographe-entreprise\/wp-content\/uploads\/2023\/11\/Reportage-Photo-Pro-Soudeur-Maxime-Bernard-REFLEXHAUT-2021-150x150.jpg 150w, https:\/\/www.reflexhaut.fr\/photographe-entreprise\/wp-content\/uploads\/2023\/11\/Reportage-Photo-Pro-Soudeur-Maxime-Bernard-REFLEXHAUT-2021-768x768.jpg 768w\" sizes=\"auto, (max-width: 960px) 100vw, 960px\" \/><figcaption class=\"wp-element-caption\">Reportage Photo &#8211; Portrait Pro en situation par REFLEXHAUT<\/figcaption><\/figure>\n\n\n\n<figure class=\"wp-block-image aligncenter size-full\"><img loading=\"lazy\" decoding=\"async\" width=\"600\" height=\"600\" src=\"https:\/\/www.reflexhaut.fr\/photographe-entreprise\/wp-content\/uploads\/2023\/11\/Portrait-Pro-Soiree-Evenementielle-Reportage-REFLEXHAUT-Niort-600px-1.jpg\" alt=\"Photographe Reportage et Portrait Entreprise lors de vos \u00e9v\u00e9nements\" class=\"wp-image-383\" title=\"Soir\u00e9e \u00e9v\u00e8nementielle remise des m\u00e9dailles - Photographe Niort 79\" srcset=\"https:\/\/www.reflexhaut.fr\/photographe-entreprise\/wp-content\/uploads\/2023\/11\/Portrait-Pro-Soiree-Evenementielle-Reportage-REFLEXHAUT-Niort-600px-1.jpg 600w, https:\/\/www.reflexhaut.fr\/photographe-entreprise\/wp-content\/uploads\/2023\/11\/Portrait-Pro-Soiree-Evenementielle-Reportage-REFLEXHAUT-Niort-600px-1-300x300.jpg 300w, https:\/\/www.reflexhaut.fr\/photographe-entreprise\/wp-content\/uploads\/2023\/11\/Portrait-Pro-Soiree-Evenementielle-Reportage-REFLEXHAUT-Niort-600px-1-150x150.jpg 150w\" sizes=\"auto, (max-width: 600px) 100vw, 600px\" \/><figcaption class=\"wp-element-caption\">Reportage photo pro &#8211; Portrait Photo Pro &#8211; Soir\u00e9e Pro &#8211; Studio REFLEXHAUT Communication<\/figcaption><\/figure>\n\n\n\n<figure class=\"wp-block-image aligncenter size-full\"><img loading=\"lazy\" decoding=\"async\" width=\"800\" height=\"800\" src=\"https:\/\/www.reflexhaut.fr\/photographe-entreprise\/wp-content\/uploads\/2023\/11\/Photographie-Culinaire-feed-Niort-79.jpg\" alt=\"Photographie d'entreprise - Reportage  Photo sur site client\" class=\"wp-image-384\" title=\"Reportage Photographie Pro Culinaire - Photo Culinaire Niort 79 - Communication Web\" srcset=\"https:\/\/www.reflexhaut.fr\/photographe-entreprise\/wp-content\/uploads\/2023\/11\/Photographie-Culinaire-feed-Niort-79.jpg 800w, https:\/\/www.reflexhaut.fr\/photographe-entreprise\/wp-content\/uploads\/2023\/11\/Photographie-Culinaire-feed-Niort-79-300x300.jpg 300w, https:\/\/www.reflexhaut.fr\/photographe-entreprise\/wp-content\/uploads\/2023\/11\/Photographie-Culinaire-feed-Niort-79-150x150.jpg 150w, https:\/\/www.reflexhaut.fr\/photographe-entreprise\/wp-content\/uploads\/2023\/11\/Photographie-Culinaire-feed-Niort-79-768x768.jpg 768w\" sizes=\"auto, (max-width: 800px) 100vw, 800px\" \/><figcaption class=\"wp-element-caption\">Photographie &#8211; Objets et Culinaires &#8211; Studio REFLEXHAUT<\/figcaption><\/figure>\n\n\n\n<figure class=\"wp-block-image aligncenter size-full\"><img loading=\"lazy\" decoding=\"async\" width=\"700\" height=\"60\" src=\"https:\/\/www.reflexhaut.fr\/photographe-entreprise\/wp-content\/uploads\/2023\/11\/bandeau-bas-de-page-site.jpg\" alt=\"Studio de Production - Photographe \/ Vid\u00e9aste Entreprise\" class=\"wp-image-376\" srcset=\"https:\/\/www.reflexhaut.fr\/photographe-entreprise\/wp-content\/uploads\/2023\/11\/bandeau-bas-de-page-site.jpg 700w, https:\/\/www.reflexhaut.fr\/photographe-entreprise\/wp-content\/uploads\/2023\/11\/bandeau-bas-de-page-site-300x26.jpg 300w\" sizes=\"auto, (max-width: 700px) 100vw, 700px\" \/><\/figure>\n\n\n\n<h3 class=\"wp-block-heading\">Photographe de Reportage &#8211; Reportage Entreprise &#8211; Reportage Photo Pro<\/h3>\n\n\n\n<p>Photographe bas\u00e9 \u00e0 10 min de NIORT (79 &#8211; Poitou-Charentes), j&rsquo;interviens pour vos prestations photographiques professionnelles dans tout le Grand Ouest depuis plus de 15ans.<\/p>\n\n\n\n<p>Olivier Germain &#8211; Photographe d&rsquo;Entreprise &#8211; Reportage Photo &#8211; Niort 79 &#8211; Poitou-Charentes &#8211; Nouvelle-Aquitaine.<\/p>\n\n\n\n<hr class=\"wp-block-separator has-alpha-channel-opacity\"\/>\n\n\n\n<p>Pour la r\u00e9alisation d&rsquo;un reportage vid\u00e9o d&rsquo;entreprise, un film d&rsquo;entreprise, n&rsquo;h\u00e9sitez pas \u00e0 retrouver tous les services de production vid\u00e9o du Studio \u00e0 travers notre marque historique, sp\u00e9cialis\u00e9e et d\u00e9di\u00e9e <a title=\"Vid\u00e9aste - Production audiovisuelle\" href=\"https:\/\/wwwclipweb.fr\" target=\"_blank\" rel=\"noopener\">ClipWeb.fr<\/a><\/p>\n","protected":false},"excerpt":{"rendered":"<p>Photographe Entreprise &#8211; Photographe de Reportage Artisan photographe, REFLEXHAUT, au service de vos images depuis 2007 ! La photographie dite de reportage englobe de tr\u00e8s nombreuses prestations. De la journ\u00e9e \u00e9v\u00e9nementielle aux journ\u00e9es d&rsquo;int\u00e9grations, de l&rsquo;illustration \u00e0 la photographie souvenir en passant par la r\u00e9alisation de phototh\u00e8que d&rsquo;entreprise ou l&rsquo;illustration pour catalogues, rapports ou simplement [&hellip;]<\/p>\n","protected":false},"author":1,"featured_media":0,"parent":0,"menu_order":0,"comment_status":"closed","ping_status":"closed","template":"","meta":{"footnotes":""},"class_list":["post-108","page","type-page","status-publish","hentry"],"yoast_head":"<!-- This site is optimized with the Yoast SEO plugin v27.5 - https:\/\/yoast.com\/product\/yoast-seo-wordpress\/ -->\n<title>Photographe de Reportage - Niort - Photographe Entreprise Niort - Poitou-Charentes - Pays de la Loire<\/title>\n<meta name=\"description\" content=\"Photographe de reportage depuis 2007, l&#039;objectif est de mettre en image, illustrer et valoriser tous vos moments professionnels importants.\" \/>\n<meta name=\"robots\" content=\"index, follow, max-snippet:-1, max-image-preview:large, max-video-preview:-1\" \/>\n<link rel=\"canonical\" href=\"https:\/\/www.reflexhaut.fr\/photographe-entreprise\/photographe-reportage-niort\/\" \/>\n<meta property=\"og:locale\" content=\"fr_FR\" \/>\n<meta property=\"og:type\" content=\"article\" \/>\n<meta property=\"og:title\" content=\"Photographe de Reportage - Niort - Photographe Entreprise Niort - Poitou-Charentes - Pays de la Loire\" \/>\n<meta property=\"og:description\" content=\"Photographe de reportage depuis 2007, l&#039;objectif est de mettre en image, illustrer et valoriser tous vos moments professionnels importants.\" \/>\n<meta property=\"og:url\" content=\"https:\/\/www.reflexhaut.fr\/photographe-entreprise\/photographe-reportage-niort\/\" \/>\n<meta property=\"og:site_name\" content=\"Photographe Entreprise Niort - Poitou-Charentes - Pays de la Loire\" \/>\n<meta property=\"article:publisher\" content=\"https:\/\/www.facebook.com\/reflexhaut.production\" \/>\n<meta property=\"article:modified_time\" content=\"2024-02-12T11:03:57+00:00\" \/>\n<meta property=\"og:image\" content=\"https:\/\/www.reflexhaut.fr\/photographe-entreprise\/wp-content\/uploads\/2023\/11\/Reportage-Photo-Pro-Soudeur-Maxime-Bernard-REFLEXHAUT-2021.jpg\" \/>\n<meta name=\"twitter:card\" content=\"summary_large_image\" \/>\n<meta name=\"twitter:label1\" content=\"Dur\u00e9e de lecture estim\u00e9e\" \/>\n\t<meta name=\"twitter:data1\" content=\"3 minutes\" \/>\n<script type=\"application\/ld+json\" class=\"yoast-schema-graph\">{\"@context\":\"https:\\\/\\\/schema.org\",\"@graph\":[{\"@type\":\"WebPage\",\"@id\":\"https:\\\/\\\/www.reflexhaut.fr\\\/photographe-entreprise\\\/photographe-reportage-niort\\\/\",\"url\":\"https:\\\/\\\/www.reflexhaut.fr\\\/photographe-entreprise\\\/photographe-reportage-niort\\\/\",\"name\":\"Photographe de Reportage - Niort - Photographe Entreprise Niort - Poitou-Charentes - Pays de la Loire\",\"isPartOf\":{\"@id\":\"https:\\\/\\\/www.reflexhaut.fr\\\/photographe-entreprise\\\/#website\"},\"primaryImageOfPage\":{\"@id\":\"https:\\\/\\\/www.reflexhaut.fr\\\/photographe-entreprise\\\/photographe-reportage-niort\\\/#primaryimage\"},\"image\":{\"@id\":\"https:\\\/\\\/www.reflexhaut.fr\\\/photographe-entreprise\\\/photographe-reportage-niort\\\/#primaryimage\"},\"thumbnailUrl\":\"https:\\\/\\\/www.reflexhaut.fr\\\/photographe-entreprise\\\/wp-content\\\/uploads\\\/2023\\\/11\\\/Reportage-Photo-Pro-Soudeur-Maxime-Bernard-REFLEXHAUT-2021.jpg\",\"datePublished\":\"2022-05-03T23:26:17+00:00\",\"dateModified\":\"2024-02-12T11:03:57+00:00\",\"description\":\"Photographe de reportage depuis 2007, l'objectif est de mettre en image, illustrer et valoriser tous vos moments professionnels importants.\",\"breadcrumb\":{\"@id\":\"https:\\\/\\\/www.reflexhaut.fr\\\/photographe-entreprise\\\/photographe-reportage-niort\\\/#breadcrumb\"},\"inLanguage\":\"fr-FR\",\"potentialAction\":[{\"@type\":\"ReadAction\",\"target\":[\"https:\\\/\\\/www.reflexhaut.fr\\\/photographe-entreprise\\\/photographe-reportage-niort\\\/\"]}]},{\"@type\":\"ImageObject\",\"inLanguage\":\"fr-FR\",\"@id\":\"https:\\\/\\\/www.reflexhaut.fr\\\/photographe-entreprise\\\/photographe-reportage-niort\\\/#primaryimage\",\"url\":\"https:\\\/\\\/www.reflexhaut.fr\\\/photographe-entreprise\\\/wp-content\\\/uploads\\\/2023\\\/11\\\/Reportage-Photo-Pro-Soudeur-Maxime-Bernard-REFLEXHAUT-2021.jpg\",\"contentUrl\":\"https:\\\/\\\/www.reflexhaut.fr\\\/photographe-entreprise\\\/wp-content\\\/uploads\\\/2023\\\/11\\\/Reportage-Photo-Pro-Soudeur-Maxime-Bernard-REFLEXHAUT-2021.jpg\",\"width\":960,\"height\":960,\"caption\":\"Reportage Photo - Portrait Pro en situation par REFLEXHAUT\"},{\"@type\":\"BreadcrumbList\",\"@id\":\"https:\\\/\\\/www.reflexhaut.fr\\\/photographe-entreprise\\\/photographe-reportage-niort\\\/#breadcrumb\",\"itemListElement\":[{\"@type\":\"ListItem\",\"position\":1,\"name\":\"Accueil\",\"item\":\"https:\\\/\\\/www.reflexhaut.fr\\\/photographe-entreprise\\\/\"},{\"@type\":\"ListItem\",\"position\":2,\"name\":\"Photographe de Reportage &#8211; Niort\"}]},{\"@type\":\"WebSite\",\"@id\":\"https:\\\/\\\/www.reflexhaut.fr\\\/photographe-entreprise\\\/#website\",\"url\":\"https:\\\/\\\/www.reflexhaut.fr\\\/photographe-entreprise\\\/\",\"name\":\"Photographe Entreprise Niort - Poitou-Charentes - Pays de la Loire\",\"description\":\"REFLEXHAUT . Entreprise\",\"publisher\":{\"@id\":\"https:\\\/\\\/www.reflexhaut.fr\\\/photographe-entreprise\\\/#organization\"},\"potentialAction\":[{\"@type\":\"SearchAction\",\"target\":{\"@type\":\"EntryPoint\",\"urlTemplate\":\"https:\\\/\\\/www.reflexhaut.fr\\\/photographe-entreprise\\\/?s={search_term_string}\"},\"query-input\":{\"@type\":\"PropertyValueSpecification\",\"valueRequired\":true,\"valueName\":\"search_term_string\"}}],\"inLanguage\":\"fr-FR\"},{\"@type\":\"Organization\",\"@id\":\"https:\\\/\\\/www.reflexhaut.fr\\\/photographe-entreprise\\\/#organization\",\"name\":\"Photographe Entreprise Niort - Poitou-Charentes - Pays de la Loire\",\"url\":\"https:\\\/\\\/www.reflexhaut.fr\\\/photographe-entreprise\\\/\",\"logo\":{\"@type\":\"ImageObject\",\"inLanguage\":\"fr-FR\",\"@id\":\"https:\\\/\\\/www.reflexhaut.fr\\\/photographe-entreprise\\\/#\\\/schema\\\/logo\\\/image\\\/\",\"url\":\"https:\\\/\\\/www.reflexhaut.fr\\\/photographe-entreprise\\\/wp-content\\\/uploads\\\/2022\\\/08\\\/Photographe-Entreprise-REFLEXHAUT-20220831a_1x1.jpg\",\"contentUrl\":\"https:\\\/\\\/www.reflexhaut.fr\\\/photographe-entreprise\\\/wp-content\\\/uploads\\\/2022\\\/08\\\/Photographe-Entreprise-REFLEXHAUT-20220831a_1x1.jpg\",\"width\":600,\"height\":600,\"caption\":\"Photographe Entreprise Niort - Poitou-Charentes - Pays de la Loire\"},\"image\":{\"@id\":\"https:\\\/\\\/www.reflexhaut.fr\\\/photographe-entreprise\\\/#\\\/schema\\\/logo\\\/image\\\/\"},\"sameAs\":[\"https:\\\/\\\/www.facebook.com\\\/reflexhaut.production\",\"https:\\\/\\\/www.instagram.com\\\/reflexhaut.production\\\/\"]}]}<\/script>\n<!-- \/ Yoast SEO plugin. -->","yoast_head_json":{"title":"Photographe de Reportage - Niort - Photographe Entreprise Niort - Poitou-Charentes - Pays de la Loire","description":"Photographe de reportage depuis 2007, l'objectif est de mettre en image, illustrer et valoriser tous vos moments professionnels importants.","robots":{"index":"index","follow":"follow","max-snippet":"max-snippet:-1","max-image-preview":"max-image-preview:large","max-video-preview":"max-video-preview:-1"},"canonical":"https:\/\/www.reflexhaut.fr\/photographe-entreprise\/photographe-reportage-niort\/","og_locale":"fr_FR","og_type":"article","og_title":"Photographe de Reportage - Niort - Photographe Entreprise Niort - Poitou-Charentes - Pays de la Loire","og_description":"Photographe de reportage depuis 2007, l'objectif est de mettre en image, illustrer et valoriser tous vos moments professionnels importants.","og_url":"https:\/\/www.reflexhaut.fr\/photographe-entreprise\/photographe-reportage-niort\/","og_site_name":"Photographe Entreprise Niort - Poitou-Charentes - Pays de la Loire","article_publisher":"https:\/\/www.facebook.com\/reflexhaut.production","article_modified_time":"2024-02-12T11:03:57+00:00","og_image":[{"url":"https:\/\/www.reflexhaut.fr\/photographe-entreprise\/wp-content\/uploads\/2023\/11\/Reportage-Photo-Pro-Soudeur-Maxime-Bernard-REFLEXHAUT-2021.jpg","type":"","width":"","height":""}],"twitter_card":"summary_large_image","twitter_misc":{"Dur\u00e9e de lecture estim\u00e9e":"3 minutes"},"schema":{"@context":"https:\/\/schema.org","@graph":[{"@type":"WebPage","@id":"https:\/\/www.reflexhaut.fr\/photographe-entreprise\/photographe-reportage-niort\/","url":"https:\/\/www.reflexhaut.fr\/photographe-entreprise\/photographe-reportage-niort\/","name":"Photographe de Reportage - Niort - Photographe Entreprise Niort - Poitou-Charentes - Pays de la Loire","isPartOf":{"@id":"https:\/\/www.reflexhaut.fr\/photographe-entreprise\/#website"},"primaryImageOfPage":{"@id":"https:\/\/www.reflexhaut.fr\/photographe-entreprise\/photographe-reportage-niort\/#primaryimage"},"image":{"@id":"https:\/\/www.reflexhaut.fr\/photographe-entreprise\/photographe-reportage-niort\/#primaryimage"},"thumbnailUrl":"https:\/\/www.reflexhaut.fr\/photographe-entreprise\/wp-content\/uploads\/2023\/11\/Reportage-Photo-Pro-Soudeur-Maxime-Bernard-REFLEXHAUT-2021.jpg","datePublished":"2022-05-03T23:26:17+00:00","dateModified":"2024-02-12T11:03:57+00:00","description":"Photographe de reportage depuis 2007, l'objectif est de mettre en image, illustrer et valoriser tous vos moments professionnels importants.","breadcrumb":{"@id":"https:\/\/www.reflexhaut.fr\/photographe-entreprise\/photographe-reportage-niort\/#breadcrumb"},"inLanguage":"fr-FR","potentialAction":[{"@type":"ReadAction","target":["https:\/\/www.reflexhaut.fr\/photographe-entreprise\/photographe-reportage-niort\/"]}]},{"@type":"ImageObject","inLanguage":"fr-FR","@id":"https:\/\/www.reflexhaut.fr\/photographe-entreprise\/photographe-reportage-niort\/#primaryimage","url":"https:\/\/www.reflexhaut.fr\/photographe-entreprise\/wp-content\/uploads\/2023\/11\/Reportage-Photo-Pro-Soudeur-Maxime-Bernard-REFLEXHAUT-2021.jpg","contentUrl":"https:\/\/www.reflexhaut.fr\/photographe-entreprise\/wp-content\/uploads\/2023\/11\/Reportage-Photo-Pro-Soudeur-Maxime-Bernard-REFLEXHAUT-2021.jpg","width":960,"height":960,"caption":"Reportage Photo - Portrait Pro en situation par REFLEXHAUT"},{"@type":"BreadcrumbList","@id":"https:\/\/www.reflexhaut.fr\/photographe-entreprise\/photographe-reportage-niort\/#breadcrumb","itemListElement":[{"@type":"ListItem","position":1,"name":"Accueil","item":"https:\/\/www.reflexhaut.fr\/photographe-entreprise\/"},{"@type":"ListItem","position":2,"name":"Photographe de Reportage &#8211; Niort"}]},{"@type":"WebSite","@id":"https:\/\/www.reflexhaut.fr\/photographe-entreprise\/#website","url":"https:\/\/www.reflexhaut.fr\/photographe-entreprise\/","name":"Photographe Entreprise Niort - Poitou-Charentes - Pays de la Loire","description":"REFLEXHAUT . Entreprise","publisher":{"@id":"https:\/\/www.reflexhaut.fr\/photographe-entreprise\/#organization"},"potentialAction":[{"@type":"SearchAction","target":{"@type":"EntryPoint","urlTemplate":"https:\/\/www.reflexhaut.fr\/photographe-entreprise\/?s={search_term_string}"},"query-input":{"@type":"PropertyValueSpecification","valueRequired":true,"valueName":"search_term_string"}}],"inLanguage":"fr-FR"},{"@type":"Organization","@id":"https:\/\/www.reflexhaut.fr\/photographe-entreprise\/#organization","name":"Photographe Entreprise Niort - Poitou-Charentes - Pays de la Loire","url":"https:\/\/www.reflexhaut.fr\/photographe-entreprise\/","logo":{"@type":"ImageObject","inLanguage":"fr-FR","@id":"https:\/\/www.reflexhaut.fr\/photographe-entreprise\/#\/schema\/logo\/image\/","url":"https:\/\/www.reflexhaut.fr\/photographe-entreprise\/wp-content\/uploads\/2022\/08\/Photographe-Entreprise-REFLEXHAUT-20220831a_1x1.jpg","contentUrl":"https:\/\/www.reflexhaut.fr\/photographe-entreprise\/wp-content\/uploads\/2022\/08\/Photographe-Entreprise-REFLEXHAUT-20220831a_1x1.jpg","width":600,"height":600,"caption":"Photographe Entreprise Niort - Poitou-Charentes - Pays de la Loire"},"image":{"@id":"https:\/\/www.reflexhaut.fr\/photographe-entreprise\/#\/schema\/logo\/image\/"},"sameAs":["https:\/\/www.facebook.com\/reflexhaut.production","https:\/\/www.instagram.com\/reflexhaut.production\/"]}]}},"_links":{"self":[{"href":"https:\/\/www.reflexhaut.fr\/photographe-entreprise\/wp-json\/wp\/v2\/pages\/108","targetHints":{"allow":["GET"]}}],"collection":[{"href":"https:\/\/www.reflexhaut.fr\/photographe-entreprise\/wp-json\/wp\/v2\/pages"}],"about":[{"href":"https:\/\/www.reflexhaut.fr\/photographe-entreprise\/wp-json\/wp\/v2\/types\/page"}],"author":[{"embeddable":true,"href":"https:\/\/www.reflexhaut.fr\/photographe-entreprise\/wp-json\/wp\/v2\/users\/1"}],"replies":[{"embeddable":true,"href":"https:\/\/www.reflexhaut.fr\/photographe-entreprise\/wp-json\/wp\/v2\/comments?post=108"}],"version-history":[{"count":14,"href":"https:\/\/www.reflexhaut.fr\/photographe-entreprise\/wp-json\/wp\/v2\/pages\/108\/revisions"}],"predecessor-version":[{"id":431,"href":"https:\/\/www.reflexhaut.fr\/photographe-entreprise\/wp-json\/wp\/v2\/pages\/108\/revisions\/431"}],"wp:attachment":[{"href":"https:\/\/www.reflexhaut.fr\/photographe-entreprise\/wp-json\/wp\/v2\/media?parent=108"}],"curies":[{"name":"wp","href":"https:\/\/api.w.org\/{rel}","templated":true}]}}