{"id":67,"date":"2022-05-04T00:31:10","date_gmt":"2022-05-03T22:31:10","guid":{"rendered":"https:\/\/www.reflexhaut.fr\/photographe-entreprise\/?page_id=67"},"modified":"2024-05-08T01:41:33","modified_gmt":"2024-05-07T23:41:33","slug":"photographie-aerienne-drone","status":"publish","type":"page","link":"https:\/\/www.reflexhaut.fr\/photographe-entreprise\/photographie-aerienne-drone\/","title":{"rendered":"Photographie a\u00e9rienne &#8211; Drone"},"content":{"rendered":"\n<h2 class=\"wp-block-heading\"> Photo A\u00e9rienne &#8211; Drone &#8211; H\u00e9licopt\u00e8re &#8211; M\u00e2t t\u00e9lescopique &#8211; 79<\/h2>\n\n\n\n<p>Photographe sp\u00e9cialiste en photographie a\u00e9rienne dans l&rsquo;Ouest depuis 2007.<br>Bas\u00e9 \u00e0 12 km de Niort (79), j&rsquo;interviens depuis 2007 dans tout le Grand Ouest pour la r\u00e9alisation de photographie a\u00e9rienne professionnelle sur commande.<\/p>\n\n\n\n<figure class=\"wp-block-image aligncenter size-full\"><img loading=\"lazy\" decoding=\"async\" width=\"475\" height=\"475\" src=\"https:\/\/www.reflexhaut.fr\/photographe-entreprise\/wp-content\/uploads\/2023\/11\/photo_aerienne_niort_2009.jpg\" alt=\"Photographe Entreprise - Photographie A\u00e9rienne\" class=\"wp-image-396\" title=\"Photographie A\u00e9rienne - Niort 2009 - 79\" srcset=\"https:\/\/www.reflexhaut.fr\/photographe-entreprise\/wp-content\/uploads\/2023\/11\/photo_aerienne_niort_2009.jpg 475w, https:\/\/www.reflexhaut.fr\/photographe-entreprise\/wp-content\/uploads\/2023\/11\/photo_aerienne_niort_2009-300x300.jpg 300w, https:\/\/www.reflexhaut.fr\/photographe-entreprise\/wp-content\/uploads\/2023\/11\/photo_aerienne_niort_2009-150x150.jpg 150w\" sizes=\"auto, (max-width: 475px) 100vw, 475px\" \/><figcaption class=\"wp-element-caption\">Photographie a\u00e9rienne Niort<\/figcaption><\/figure>\n\n\n\n<p><a href=\"https:\/\/www.reflexhaut-communication.fr\/images\/photo\/photo_aerienne_niort_2013.jpg\"><\/a><a href=\"https:\/\/www.reflexhaut-communication.fr\/images\/photo\/Photo_Aerienne_Au102.jpg\"><\/a><\/p>\n\n\n\n<p>Photographe pionnier&nbsp;parmi les 20 premiers photographes dans l&rsquo;exploitation de drone photographique civil en France depuis 2009, apr\u00e8s avoir exploit\u00e9 un syst\u00e8me de ballon captif \u00e0 h\u00e9lium depuis 2007,&nbsp;<br>j&rsquo;interviens, depuis et selon les besoins et contraintes de s\u00e9curit\u00e9 \u00e0 l&rsquo;aide de drone photo ou vid\u00e9o mais pas seulement !&nbsp;<\/p>\n\n\n\n<p>J&rsquo;\u00e9tudie chaque demande de r\u00e9alisation et exploite en fonction des contraintes le meilleur outil a\u00e9rien possible en fonction du besoin, budget et\/ou zone de survol.<br>Mes outils ou solutions a\u00e9riennes couramment utilis\u00e9 depuis plus de 10 ans : Le Drone, l&rsquo;h\u00e9licopt\u00e8re, le m\u00e2t t\u00e9lescopique, l&rsquo; ULM pendulaire ou autogire ou l&rsquo;avion.<\/p>\n\n\n\n<h2 class=\"wp-block-heading\">Photographie a\u00e9rienne par drone et s\u00e9curit\u00e9<\/h2>\n\n\n\n<p><strong>En photographie a\u00e9rienne, la s\u00e9curit\u00e9<\/strong>&nbsp;devrait et&nbsp;<strong>doit toujours \u00eatre une priorit\u00e9 pour ce type de travaux<\/strong>. De nombreuses r\u00e9glementations importantes et contraignantes r\u00e9gissent&nbsp;la r\u00e9alisation de ce type de travaux.&nbsp;<\/p>\n\n\n\n<p>Pour le client demandeur, il est imp\u00e9ratif pour ce type de travaux de se rapprocher de personne d&rsquo;exp\u00e9rience, en r\u00e8gle et respectueuse des r\u00e9glementations pour limiter les risques. Autant pour les risques encourus par la r\u00e9alisation en elle-m\u00eame mais aussi les risques de l\u00e9galit\u00e9 de r\u00e9alisation vis \u00e0 vis de la loi. Et bien \u00e9videment d&rsquo;exp\u00e9rience photographique pour obtenir des belles images &#8230;<\/p>\n\n\n\n<p>En tant que photographe professionnel d&rsquo;exp\u00e9rience, dans un environnement r\u00e9glementaire stricte et \u00e9voluant r\u00e9guli\u00e8rement, le Studio REFLEXHAUT sera bien s\u00fbr en mesure de r\u00e9aliser vos photographies professionnelles, mais il saura \u00e9galement vous orienter et vous conseiller sur les meilleures solutions techniques \u00e0 exploiter par et pour la production de vos images en toute l\u00e9galit\u00e9 pour \u00e9viter toutes mauvaises surprises avant, pendant et apr\u00e8s la r\u00e9alisation photographique.<\/p>\n\n\n\n<p>Pour tous vos besoins en photographie a\u00e9rienne, n&rsquo;h\u00e9sitez pas \u00e0 me contacter, c&rsquo;est l&rsquo;une de mes sp\u00e9cialit\u00e9s depuis mon lancement professionnel en 2007, c&rsquo;est m\u00eame l&rsquo;origine de l&rsquo;appellation de la soci\u00e9t\u00e9 et studio \u00ab\u00a0REFLEXHAUT\u00a0\u00bb.<\/p>\n\n\n\n<hr class=\"wp-block-separator has-alpha-channel-opacity\"\/>\n\n\n\n<p>Retrouvez les services de production audiovisuelle et de vid\u00e9o a\u00e9rienne par drone via les services de <a href=\"https:\/\/www.clipweb.fr\/video1\/production-audiovisuelle\/clip-de-presentation-pub\" target=\"_blank\" rel=\"noreferrer noopener\">production vid\u00e9o par drone ClipWeb.fr<\/a> <\/p>\n\n\n\n<hr class=\"wp-block-separator has-alpha-channel-opacity\"\/>\n\n\n\n<p><strong>R\u00e9f\u00e9rences et r\u00e9alisations de photographie a\u00e9rienne par le studio REFLEXHAUT pour :<\/strong>&nbsp;Conseil G\u00e9n\u00e9ral des Deux-S\u00e8vres (79), COLAS TP (75), La Nouvelle R\u00e9publique (79), ORANGE &#8211; France Telecom (35, 44 et 49), Ville de Niort (79), Conseil G\u00e9n\u00e9ral de Charente Maritime (17), Thal\u00e8s (35), Semitan (44), EHPAD Celles sur Belle (79), Communaut\u00e9 d&rsquo;Agglom\u00e9ration de Niort (79), Universit\u00e9 de La Rochelle (17), ACEM (79), SMACL (79), Les Champs du Soleil (75), SPIE Ouest (44), &#8230;<\/p>\n\n\n\n<figure class=\"wp-block-image aligncenter size-full\"><img loading=\"lazy\" decoding=\"async\" width=\"700\" height=\"60\" src=\"https:\/\/www.reflexhaut.fr\/photographe-entreprise\/wp-content\/uploads\/2023\/11\/bandeau-bas-de-page-site.jpg\" alt=\"Studio de Production - Photographe \/ Vid\u00e9aste Entreprise\" class=\"wp-image-376\" srcset=\"https:\/\/www.reflexhaut.fr\/photographe-entreprise\/wp-content\/uploads\/2023\/11\/bandeau-bas-de-page-site.jpg 700w, https:\/\/www.reflexhaut.fr\/photographe-entreprise\/wp-content\/uploads\/2023\/11\/bandeau-bas-de-page-site-300x26.jpg 300w\" sizes=\"auto, (max-width: 700px) 100vw, 700px\" \/><\/figure>\n\n\n\n<h3 class=\"wp-block-heading has-text-align-center\">Photographe\u00a0Entreprise &#8211; Photographie A\u00e9rienne &#8211; Drone &#8211; H\u00e9licopt\u00e8re<\/h3>\n\n\n\n<p><\/p>\n","protected":false},"excerpt":{"rendered":"<p>Photo A\u00e9rienne &#8211; Drone &#8211; H\u00e9licopt\u00e8re &#8211; M\u00e2t t\u00e9lescopique &#8211; 79 Photographe sp\u00e9cialiste en photographie a\u00e9rienne dans l&rsquo;Ouest depuis 2007.Bas\u00e9 \u00e0 12 km de Niort (79), j&rsquo;interviens depuis 2007 dans tout le Grand Ouest pour la r\u00e9alisation de photographie a\u00e9rienne professionnelle sur commande. Photographe pionnier&nbsp;parmi les 20 premiers photographes dans l&rsquo;exploitation de drone photographique civil [&hellip;]<\/p>\n","protected":false},"author":1,"featured_media":0,"parent":0,"menu_order":0,"comment_status":"closed","ping_status":"closed","template":"","meta":{"footnotes":""},"class_list":["post-67","page","type-page","status-publish","hentry"],"yoast_head":"<!-- This site is optimized with the Yoast SEO plugin v27.5 - https:\/\/yoast.com\/product\/yoast-seo-wordpress\/ -->\n<title>Photographie a\u00e9rienne - Drone - Photographe Entreprise Niort - Poitou-Charentes - Pays de la Loire<\/title>\n<meta name=\"description\" content=\"Depuis 2007, REFLEXHAUT vous propose la r\u00e9alisation de toutes vos photographies a\u00e9riennes, \u00e0 l&#039;aide de drone et autre moyens a\u00e9riens.\" \/>\n<meta name=\"robots\" content=\"index, follow, max-snippet:-1, max-image-preview:large, max-video-preview:-1\" \/>\n<link rel=\"canonical\" href=\"https:\/\/www.reflexhaut.fr\/photographe-entreprise\/photographie-aerienne-drone\/\" \/>\n<meta property=\"og:locale\" content=\"fr_FR\" \/>\n<meta property=\"og:type\" content=\"article\" \/>\n<meta property=\"og:title\" content=\"Photographie a\u00e9rienne - Drone - Photographe Entreprise Niort - Poitou-Charentes - Pays de la Loire\" \/>\n<meta property=\"og:description\" content=\"Depuis 2007, REFLEXHAUT vous propose la r\u00e9alisation de toutes vos photographies a\u00e9riennes, \u00e0 l&#039;aide de drone et autre moyens a\u00e9riens.\" \/>\n<meta property=\"og:url\" content=\"https:\/\/www.reflexhaut.fr\/photographe-entreprise\/photographie-aerienne-drone\/\" \/>\n<meta property=\"og:site_name\" content=\"Photographe Entreprise Niort - Poitou-Charentes - Pays de la Loire\" \/>\n<meta property=\"article:publisher\" content=\"https:\/\/www.facebook.com\/reflexhaut.production\" \/>\n<meta property=\"article:modified_time\" content=\"2024-05-07T23:41:33+00:00\" \/>\n<meta property=\"og:image\" content=\"https:\/\/www.reflexhaut.fr\/photographe-entreprise\/wp-content\/uploads\/2023\/11\/photo_aerienne_niort_2009.jpg\" \/>\n<meta name=\"twitter:card\" content=\"summary_large_image\" \/>\n<meta name=\"twitter:label1\" content=\"Dur\u00e9e de lecture estim\u00e9e\" \/>\n\t<meta name=\"twitter:data1\" content=\"3 minutes\" \/>\n<script type=\"application\/ld+json\" class=\"yoast-schema-graph\">{\"@context\":\"https:\\\/\\\/schema.org\",\"@graph\":[{\"@type\":\"WebPage\",\"@id\":\"https:\\\/\\\/www.reflexhaut.fr\\\/photographe-entreprise\\\/photographie-aerienne-drone\\\/\",\"url\":\"https:\\\/\\\/www.reflexhaut.fr\\\/photographe-entreprise\\\/photographie-aerienne-drone\\\/\",\"name\":\"Photographie a\u00e9rienne - Drone - Photographe Entreprise Niort - Poitou-Charentes - Pays de la Loire\",\"isPartOf\":{\"@id\":\"https:\\\/\\\/www.reflexhaut.fr\\\/photographe-entreprise\\\/#website\"},\"primaryImageOfPage\":{\"@id\":\"https:\\\/\\\/www.reflexhaut.fr\\\/photographe-entreprise\\\/photographie-aerienne-drone\\\/#primaryimage\"},\"image\":{\"@id\":\"https:\\\/\\\/www.reflexhaut.fr\\\/photographe-entreprise\\\/photographie-aerienne-drone\\\/#primaryimage\"},\"thumbnailUrl\":\"https:\\\/\\\/www.reflexhaut.fr\\\/photographe-entreprise\\\/wp-content\\\/uploads\\\/2023\\\/11\\\/photo_aerienne_niort_2009.jpg\",\"datePublished\":\"2022-05-03T22:31:10+00:00\",\"dateModified\":\"2024-05-07T23:41:33+00:00\",\"description\":\"Depuis 2007, REFLEXHAUT vous propose la r\u00e9alisation de toutes vos photographies a\u00e9riennes, \u00e0 l'aide de drone et autre moyens a\u00e9riens.\",\"breadcrumb\":{\"@id\":\"https:\\\/\\\/www.reflexhaut.fr\\\/photographe-entreprise\\\/photographie-aerienne-drone\\\/#breadcrumb\"},\"inLanguage\":\"fr-FR\",\"potentialAction\":[{\"@type\":\"ReadAction\",\"target\":[\"https:\\\/\\\/www.reflexhaut.fr\\\/photographe-entreprise\\\/photographie-aerienne-drone\\\/\"]}]},{\"@type\":\"ImageObject\",\"inLanguage\":\"fr-FR\",\"@id\":\"https:\\\/\\\/www.reflexhaut.fr\\\/photographe-entreprise\\\/photographie-aerienne-drone\\\/#primaryimage\",\"url\":\"https:\\\/\\\/www.reflexhaut.fr\\\/photographe-entreprise\\\/wp-content\\\/uploads\\\/2023\\\/11\\\/photo_aerienne_niort_2009.jpg\",\"contentUrl\":\"https:\\\/\\\/www.reflexhaut.fr\\\/photographe-entreprise\\\/wp-content\\\/uploads\\\/2023\\\/11\\\/photo_aerienne_niort_2009.jpg\",\"width\":475,\"height\":475,\"caption\":\"Photographie a\u00e9rienne Niort\"},{\"@type\":\"BreadcrumbList\",\"@id\":\"https:\\\/\\\/www.reflexhaut.fr\\\/photographe-entreprise\\\/photographie-aerienne-drone\\\/#breadcrumb\",\"itemListElement\":[{\"@type\":\"ListItem\",\"position\":1,\"name\":\"Accueil\",\"item\":\"https:\\\/\\\/www.reflexhaut.fr\\\/photographe-entreprise\\\/\"},{\"@type\":\"ListItem\",\"position\":2,\"name\":\"Photographie a\u00e9rienne &#8211; Drone\"}]},{\"@type\":\"WebSite\",\"@id\":\"https:\\\/\\\/www.reflexhaut.fr\\\/photographe-entreprise\\\/#website\",\"url\":\"https:\\\/\\\/www.reflexhaut.fr\\\/photographe-entreprise\\\/\",\"name\":\"Photographe Entreprise Niort - Poitou-Charentes - Pays de la Loire\",\"description\":\"REFLEXHAUT . Entreprise\",\"publisher\":{\"@id\":\"https:\\\/\\\/www.reflexhaut.fr\\\/photographe-entreprise\\\/#organization\"},\"potentialAction\":[{\"@type\":\"SearchAction\",\"target\":{\"@type\":\"EntryPoint\",\"urlTemplate\":\"https:\\\/\\\/www.reflexhaut.fr\\\/photographe-entreprise\\\/?s={search_term_string}\"},\"query-input\":{\"@type\":\"PropertyValueSpecification\",\"valueRequired\":true,\"valueName\":\"search_term_string\"}}],\"inLanguage\":\"fr-FR\"},{\"@type\":\"Organization\",\"@id\":\"https:\\\/\\\/www.reflexhaut.fr\\\/photographe-entreprise\\\/#organization\",\"name\":\"Photographe Entreprise Niort - Poitou-Charentes - Pays de la Loire\",\"url\":\"https:\\\/\\\/www.reflexhaut.fr\\\/photographe-entreprise\\\/\",\"logo\":{\"@type\":\"ImageObject\",\"inLanguage\":\"fr-FR\",\"@id\":\"https:\\\/\\\/www.reflexhaut.fr\\\/photographe-entreprise\\\/#\\\/schema\\\/logo\\\/image\\\/\",\"url\":\"https:\\\/\\\/www.reflexhaut.fr\\\/photographe-entreprise\\\/wp-content\\\/uploads\\\/2022\\\/08\\\/Photographe-Entreprise-REFLEXHAUT-20220831a_1x1.jpg\",\"contentUrl\":\"https:\\\/\\\/www.reflexhaut.fr\\\/photographe-entreprise\\\/wp-content\\\/uploads\\\/2022\\\/08\\\/Photographe-Entreprise-REFLEXHAUT-20220831a_1x1.jpg\",\"width\":600,\"height\":600,\"caption\":\"Photographe Entreprise Niort - Poitou-Charentes - Pays de la Loire\"},\"image\":{\"@id\":\"https:\\\/\\\/www.reflexhaut.fr\\\/photographe-entreprise\\\/#\\\/schema\\\/logo\\\/image\\\/\"},\"sameAs\":[\"https:\\\/\\\/www.facebook.com\\\/reflexhaut.production\",\"https:\\\/\\\/www.instagram.com\\\/reflexhaut.production\\\/\"]}]}<\/script>\n<!-- \/ Yoast SEO plugin. -->","yoast_head_json":{"title":"Photographie a\u00e9rienne - Drone - Photographe Entreprise Niort - Poitou-Charentes - Pays de la Loire","description":"Depuis 2007, REFLEXHAUT vous propose la r\u00e9alisation de toutes vos photographies a\u00e9riennes, \u00e0 l'aide de drone et autre moyens a\u00e9riens.","robots":{"index":"index","follow":"follow","max-snippet":"max-snippet:-1","max-image-preview":"max-image-preview:large","max-video-preview":"max-video-preview:-1"},"canonical":"https:\/\/www.reflexhaut.fr\/photographe-entreprise\/photographie-aerienne-drone\/","og_locale":"fr_FR","og_type":"article","og_title":"Photographie a\u00e9rienne - Drone - Photographe Entreprise Niort - Poitou-Charentes - Pays de la Loire","og_description":"Depuis 2007, REFLEXHAUT vous propose la r\u00e9alisation de toutes vos photographies a\u00e9riennes, \u00e0 l'aide de drone et autre moyens a\u00e9riens.","og_url":"https:\/\/www.reflexhaut.fr\/photographe-entreprise\/photographie-aerienne-drone\/","og_site_name":"Photographe Entreprise Niort - Poitou-Charentes - Pays de la Loire","article_publisher":"https:\/\/www.facebook.com\/reflexhaut.production","article_modified_time":"2024-05-07T23:41:33+00:00","og_image":[{"url":"https:\/\/www.reflexhaut.fr\/photographe-entreprise\/wp-content\/uploads\/2023\/11\/photo_aerienne_niort_2009.jpg","type":"","width":"","height":""}],"twitter_card":"summary_large_image","twitter_misc":{"Dur\u00e9e de lecture estim\u00e9e":"3 minutes"},"schema":{"@context":"https:\/\/schema.org","@graph":[{"@type":"WebPage","@id":"https:\/\/www.reflexhaut.fr\/photographe-entreprise\/photographie-aerienne-drone\/","url":"https:\/\/www.reflexhaut.fr\/photographe-entreprise\/photographie-aerienne-drone\/","name":"Photographie a\u00e9rienne - Drone - Photographe Entreprise Niort - Poitou-Charentes - Pays de la Loire","isPartOf":{"@id":"https:\/\/www.reflexhaut.fr\/photographe-entreprise\/#website"},"primaryImageOfPage":{"@id":"https:\/\/www.reflexhaut.fr\/photographe-entreprise\/photographie-aerienne-drone\/#primaryimage"},"image":{"@id":"https:\/\/www.reflexhaut.fr\/photographe-entreprise\/photographie-aerienne-drone\/#primaryimage"},"thumbnailUrl":"https:\/\/www.reflexhaut.fr\/photographe-entreprise\/wp-content\/uploads\/2023\/11\/photo_aerienne_niort_2009.jpg","datePublished":"2022-05-03T22:31:10+00:00","dateModified":"2024-05-07T23:41:33+00:00","description":"Depuis 2007, REFLEXHAUT vous propose la r\u00e9alisation de toutes vos photographies a\u00e9riennes, \u00e0 l'aide de drone et autre moyens a\u00e9riens.","breadcrumb":{"@id":"https:\/\/www.reflexhaut.fr\/photographe-entreprise\/photographie-aerienne-drone\/#breadcrumb"},"inLanguage":"fr-FR","potentialAction":[{"@type":"ReadAction","target":["https:\/\/www.reflexhaut.fr\/photographe-entreprise\/photographie-aerienne-drone\/"]}]},{"@type":"ImageObject","inLanguage":"fr-FR","@id":"https:\/\/www.reflexhaut.fr\/photographe-entreprise\/photographie-aerienne-drone\/#primaryimage","url":"https:\/\/www.reflexhaut.fr\/photographe-entreprise\/wp-content\/uploads\/2023\/11\/photo_aerienne_niort_2009.jpg","contentUrl":"https:\/\/www.reflexhaut.fr\/photographe-entreprise\/wp-content\/uploads\/2023\/11\/photo_aerienne_niort_2009.jpg","width":475,"height":475,"caption":"Photographie a\u00e9rienne Niort"},{"@type":"BreadcrumbList","@id":"https:\/\/www.reflexhaut.fr\/photographe-entreprise\/photographie-aerienne-drone\/#breadcrumb","itemListElement":[{"@type":"ListItem","position":1,"name":"Accueil","item":"https:\/\/www.reflexhaut.fr\/photographe-entreprise\/"},{"@type":"ListItem","position":2,"name":"Photographie a\u00e9rienne &#8211; Drone"}]},{"@type":"WebSite","@id":"https:\/\/www.reflexhaut.fr\/photographe-entreprise\/#website","url":"https:\/\/www.reflexhaut.fr\/photographe-entreprise\/","name":"Photographe Entreprise Niort - Poitou-Charentes - Pays de la Loire","description":"REFLEXHAUT . Entreprise","publisher":{"@id":"https:\/\/www.reflexhaut.fr\/photographe-entreprise\/#organization"},"potentialAction":[{"@type":"SearchAction","target":{"@type":"EntryPoint","urlTemplate":"https:\/\/www.reflexhaut.fr\/photographe-entreprise\/?s={search_term_string}"},"query-input":{"@type":"PropertyValueSpecification","valueRequired":true,"valueName":"search_term_string"}}],"inLanguage":"fr-FR"},{"@type":"Organization","@id":"https:\/\/www.reflexhaut.fr\/photographe-entreprise\/#organization","name":"Photographe Entreprise Niort - Poitou-Charentes - Pays de la Loire","url":"https:\/\/www.reflexhaut.fr\/photographe-entreprise\/","logo":{"@type":"ImageObject","inLanguage":"fr-FR","@id":"https:\/\/www.reflexhaut.fr\/photographe-entreprise\/#\/schema\/logo\/image\/","url":"https:\/\/www.reflexhaut.fr\/photographe-entreprise\/wp-content\/uploads\/2022\/08\/Photographe-Entreprise-REFLEXHAUT-20220831a_1x1.jpg","contentUrl":"https:\/\/www.reflexhaut.fr\/photographe-entreprise\/wp-content\/uploads\/2022\/08\/Photographe-Entreprise-REFLEXHAUT-20220831a_1x1.jpg","width":600,"height":600,"caption":"Photographe Entreprise Niort - Poitou-Charentes - Pays de la Loire"},"image":{"@id":"https:\/\/www.reflexhaut.fr\/photographe-entreprise\/#\/schema\/logo\/image\/"},"sameAs":["https:\/\/www.facebook.com\/reflexhaut.production","https:\/\/www.instagram.com\/reflexhaut.production\/"]}]}},"_links":{"self":[{"href":"https:\/\/www.reflexhaut.fr\/photographe-entreprise\/wp-json\/wp\/v2\/pages\/67","targetHints":{"allow":["GET"]}}],"collection":[{"href":"https:\/\/www.reflexhaut.fr\/photographe-entreprise\/wp-json\/wp\/v2\/pages"}],"about":[{"href":"https:\/\/www.reflexhaut.fr\/photographe-entreprise\/wp-json\/wp\/v2\/types\/page"}],"author":[{"embeddable":true,"href":"https:\/\/www.reflexhaut.fr\/photographe-entreprise\/wp-json\/wp\/v2\/users\/1"}],"replies":[{"embeddable":true,"href":"https:\/\/www.reflexhaut.fr\/photographe-entreprise\/wp-json\/wp\/v2\/comments?post=67"}],"version-history":[{"count":11,"href":"https:\/\/www.reflexhaut.fr\/photographe-entreprise\/wp-json\/wp\/v2\/pages\/67\/revisions"}],"predecessor-version":[{"id":504,"href":"https:\/\/www.reflexhaut.fr\/photographe-entreprise\/wp-json\/wp\/v2\/pages\/67\/revisions\/504"}],"wp:attachment":[{"href":"https:\/\/www.reflexhaut.fr\/photographe-entreprise\/wp-json\/wp\/v2\/media?parent=67"}],"curies":[{"name":"wp","href":"https:\/\/api.w.org\/{rel}","templated":true}]}}