{"id":429,"date":"2022-12-01T19:30:29","date_gmt":"2022-12-01T18:30:29","guid":{"rendered":"https:\/\/www.reflexhaut.fr\/studio\/?post_type=product&#038;p=429"},"modified":"2026-04-17T16:51:13","modified_gmt":"2026-04-17T14:51:13","slug":"seance-photo-iris","status":"publish","type":"product","link":"https:\/\/www.reflexhaut.fr\/studio\/catalogue\/seance-photo-iris\/","title":{"rendered":"S\u00e9ance Photo Iris"},"content":{"rendered":"<p>L&rsquo;offre S\u00e9ance Photo Iris inclut :<br \/>\nLa s\u00e9ance de photographie d&rsquo;Iris :<\/p>\n<ul>\n<li>La capture haute r\u00e9solution photographique et en toute s\u00e9curit\u00e9 de votre iris.<br \/>\n<em>(Possibilit\u00e9 de photographier 1 ou plusieurs personnes lors de la session, suivant option s\u00e9lectionn\u00e9e)<br \/>\n<\/em><\/li>\n<li>L&rsquo;\u00e9dition et l&rsquo;optimisation de la capture photographique de votre iris (la composition graphique le cas \u00e9ch\u00e9ant)<\/li>\n<li>La production et l&rsquo;\u00e9dition d&rsquo;un fichier num\u00e9rique format web (1080 pixels)<\/li>\n<li>L&rsquo;acc\u00e8s au catalogue des productions pour une commande compl\u00e9mentaire (tirage photo, tableau &#8230; Achat en suppl\u00e9ment).<\/li>\n<\/ul>\n<p><em><strong>L&rsquo;offre inclut une livraison num\u00e9rique de votre iris en version web\/\u00e9cran (1080 px)<br \/>\nPas de tirage ou agrandissement avec cette offre. Achat et commande possible lors de la r\u00e9alisation au Studio.<\/strong><\/em><\/p>\n<p>Vous souhaitez offrir sous la forme d&rsquo;un bon cadeau cette s\u00e9ance photo originale et unique ?<br \/>\nVous pouvez s\u00e9lectionner l&rsquo;option \u00ab\u00a0Bon cadeau\u00a0\u00bb. Vous recevrez sous 24 \u00e0 48h un fichier PDF\/JPG \u00ab\u00a0Pr\u00eat \u00e0 imprimer\u00a0\u00bb pour offrir, ou \u00e0 transmettre \u00e0 la personne a qui vous souhaitez offrir la s\u00e9ance photo. Les bons cadeaux \u00ab\u00a0S\u00e9ance photo d&rsquo;iris\u00a0\u00bb sont valables 3 mois, renouvelables une fois.<\/p>\n<p>Vous souhaitez offrir une s\u00e9ance \u00ab\u00a0Photographie Iris\u00a0\u00bb plus la production d&rsquo;un tirage photo, un tableau photographique ou une composition, merci de contacter le Studio pour un devis personnalis\u00e9 en fonction du support et du format souhait\u00e9.<\/p>\n<p>La Photographie d&rsquo;Iris est r\u00e9alis\u00e9e au Studio REFLEXHAUT de Villiers-en-Plaine (\u00e0 10min de Niort 79) sur rendez-vous, et cela depuis plus 2 ans maintenant. Les photographies sont r\u00e9alis\u00e9es par Olivier Germain, Artisan Photographe ind\u00e9pendant et professionnel depuis 2007.<\/p>\n<p>Les photographies sont r\u00e9alis\u00e9es dans un cadre professionnel, par un photographe qualifi\u00e9 et form\u00e9 \u00e0 cette pratique particuli\u00e8re pour des cr\u00e9ations visuelles graphiques optimis\u00e9es, et r\u00e9alis\u00e9es en toute s\u00e9curit\u00e9, loin des pratiques des op\u00e9rateurs ou photographes plus ou moins improvis\u00e9s \u00e0 la photographie d&rsquo;iris que l&rsquo;on voit de plus en plus dans ce domaine qui trouve une opportunit\u00e9 financi\u00e8re sans qualificatif et ma\u00eetrises r\u00e9elles du sujet et de s\u00e9curit\u00e9 !<\/p>\n<p>Pour toutes questions ou pr\u00e9cisions, n&rsquo;h\u00e9sitez pas \u00e0 me contacter au studio photo, ou plus simple parfois, via le formulaire en ligne \u00ab\u00a0<a href=\"https:\/\/www.reflexhaut.fr\/contact\/\" target=\"_blank\" rel=\"noopener\">Contact Photographe<\/a>\u00a0\u00bb du site vitrine.<br \/>\nOlivier Germain &#8211; Photographe REFLEXHAUT : 05.49.35.72.77 \/ 06.80.98.87.63<\/p>\n","protected":false},"excerpt":{"rendered":"<p>S\u00e9ance de photographie d&rsquo;Iris \u00e0 10min de Niort<\/p>\n","protected":false},"featured_media":430,"template":"","meta":[],"product_brand":[],"product_cat":[99,98],"product_tag":[],"class_list":{"0":"post-429","1":"product","2":"type-product","3":"status-publish","4":"has-post-thumbnail","6":"product_cat-cartes-cadeaux","7":"product_cat-portrait","9":"first","10":"instock","11":"taxable","12":"shipping-taxable","13":"purchasable","14":"product-type-variable","15":"has-default-attributes"},"_links":{"self":[{"href":"https:\/\/www.reflexhaut.fr\/studio\/wp-json\/wp\/v2\/product\/429","targetHints":{"allow":["GET"]}}],"collection":[{"href":"https:\/\/www.reflexhaut.fr\/studio\/wp-json\/wp\/v2\/product"}],"about":[{"href":"https:\/\/www.reflexhaut.fr\/studio\/wp-json\/wp\/v2\/types\/product"}],"wp:featuredmedia":[{"embeddable":true,"href":"https:\/\/www.reflexhaut.fr\/studio\/wp-json\/wp\/v2\/media\/430"}],"wp:attachment":[{"href":"https:\/\/www.reflexhaut.fr\/studio\/wp-json\/wp\/v2\/media?parent=429"}],"wp:term":[{"taxonomy":"product_brand","embeddable":true,"href":"https:\/\/www.reflexhaut.fr\/studio\/wp-json\/wp\/v2\/product_brand?post=429"},{"taxonomy":"product_cat","embeddable":true,"href":"https:\/\/www.reflexhaut.fr\/studio\/wp-json\/wp\/v2\/product_cat?post=429"},{"taxonomy":"product_tag","embeddable":true,"href":"https:\/\/www.reflexhaut.fr\/studio\/wp-json\/wp\/v2\/product_tag?post=429"}],"curies":[{"name":"wp","href":"https:\/\/api.w.org\/{rel}","templated":true}]}}